{"id":5230,"date":"2026-01-26T13:33:57","date_gmt":"2026-01-26T12:33:57","guid":{"rendered":"https:\/\/protospain.com\/catalogo\/?page_id=5230"},"modified":"2026-01-26T17:37:36","modified_gmt":"2026-01-26T16:37:36","slug":"declaration-daccessibilite","status":"publish","type":"page","link":"https:\/\/protofrance.com\/catalogo\/declaration-daccessibilite\/","title":{"rendered":"D\u00c9CLARATION D\u2019ACCESSIBILIT\u00c9"},"content":{"rendered":"\t\t<div data-elementor-type=\"wp-page\" data-elementor-id=\"5230\" class=\"elementor elementor-5230 elementor-5229\" data-elementor-settings=\"{&quot;page_masthead_image_height&quot;:{&quot;unit&quot;:&quot;px&quot;,&quot;size&quot;:900,&quot;sizes&quot;:[]},&quot;page_masthead_image_height_tablet&quot;:{&quot;unit&quot;:&quot;vh&quot;,&quot;size&quot;:70,&quot;sizes&quot;:[]},&quot;page_masthead_image_height_mobile&quot;:{&quot;unit&quot;:&quot;vh&quot;,&quot;size&quot;:50,&quot;sizes&quot;:[]},&quot;page_masthead_background_position_x&quot;:{&quot;unit&quot;:&quot;%&quot;,&quot;size&quot;:50,&quot;sizes&quot;:[]},&quot;page_masthead_background_position_x_tablet&quot;:{&quot;unit&quot;:&quot;%&quot;,&quot;size&quot;:50,&quot;sizes&quot;:[]},&quot;page_masthead_background_position_x_mobile&quot;:{&quot;unit&quot;:&quot;%&quot;,&quot;size&quot;:50,&quot;sizes&quot;:[]},&quot;page_masthead_background_position_y&quot;:{&quot;unit&quot;:&quot;%&quot;,&quot;size&quot;:50,&quot;sizes&quot;:[]},&quot;page_masthead_background_position_y_tablet&quot;:{&quot;unit&quot;:&quot;%&quot;,&quot;size&quot;:50,&quot;sizes&quot;:[]},&quot;page_masthead_background_position_y_mobile&quot;:{&quot;unit&quot;:&quot;%&quot;,&quot;size&quot;:50,&quot;sizes&quot;:[]}}\">\n\t\t\t\t<div class=\"elementor-element elementor-element-3b33f9d e-flex e-con-boxed e-con e-parent\" data-id=\"3b33f9d\" data-element_type=\"container\">\n\t\t\t\t\t<div class=\"e-con-inner\">\n\t\t\t\t<div class=\"elementor-element elementor-element-7d7a3367 elementor-widget elementor-widget-text-editor\" data-id=\"7d7a3367\" data-element_type=\"widget\" data-widget_type=\"text-editor.default\">\n\t\t\t\t\t\t\t\t\t<p><strong>Titulaire<\/strong> : PRODICEX SOLUTIONS, S.L.<\/p><p><strong>Adresse<\/strong> : Parc technologique des Asturies, B\u00e2timent CEEI, 33428 Llanera, Asturies, Espagne<\/p><p><strong>Contact<\/strong> : info@protofrance.com ou +33 7 55 53 87 70<\/p><p><strong>Donn\u00e9es d\u2019enregistrement<\/strong> : Inscrite au Registre du Commerce des Asturies, Tome 4.000, Folio 203, Feuille AS-44532, Inscription 1<\/p><p><strong>N\u00b0 de TVA (C.I.F.)<\/strong> : B74335845<\/p><h2>D\u00c9CLARATION D\u2019ACCESSIBILIT\u00c9<\/h2><p>PRODICEX SOLUTIONS, S.L. s\u2019engage \u00e0 rendre son site web accessible, conform\u00e9ment au<a role=\"link\" href=\"http:\/\/www.boe.es\/diario_boe\/txt.php?id=BOE-A-2018-12699\" target=\"_blank\" rel=\"nofollow noopener\"> D\u00e9cret royal 1112\/2018 du 7 septembre, relatif \u00e0 l\u2019accessibilit\u00e9 des sites web et des applications pour appareils mobiles du secteur public.<\/a><\/p><p>La pr\u00e9sente d\u00e9claration d\u2019accessibilit\u00e9 s\u2019applique au site web <a href=\"https:\/\/protospain.com\" target=\"_blank\" rel=\"noopener\">https:\/\/protofrance.com<\/a><\/p><p><strong>\u00c9tat de conformit\u00e9<\/strong><\/p><p>Ce site web est partiellement conforme \u00e0 RD 1112\/2018<\/p><p><strong>Notre site web vous permet<\/strong><\/p><ul><li>Augmenter ou diminuer la taille du texte.<\/li><li>Afficher le site web en niveaux de gris.<\/li><li>Appliquer un contraste \u00e9lev\u00e9 ou un contraste n\u00e9gatif.<\/li><li>Afficher le site web avec un fond clair.<\/li><li>Souligner les liens par d\u00e9faut.<\/li><li>Utiliser les liens dans la m\u00eame fen\u00eatre.<\/li><li>Permettre d\u2019afficher le site web avec une police plus lisible pour l\u2019utilisateur.<\/li><li>Texte alternatif des images et des liens.<\/li><\/ul><p>Pour cela, vous pouvez utiliser le bouton <strong>d\u2019ACCESSIBILIT\u00c9<\/strong> situ\u00e9 \u00e0 gauche de votre \u00e9cran, identifiable par une ic\u00f4ne repr\u00e9sentant une personne \u00e0 mobilit\u00e9 r\u00e9duite (PMR).<\/p><h2>Pr\u00e9paration de la pr\u00e9sente d\u00e9claration d\u2019accessibilit\u00e9<\/h2><p>La pr\u00e9sente d\u00e9claration a \u00e9t\u00e9 pr\u00e9par\u00e9e le 26 janvier 2026.<\/p><p>La m\u00e9thode utilis\u00e9e pour pr\u00e9parer la d\u00e9claration a \u00e9t\u00e9 une auto-\u00e9valuation r\u00e9alis\u00e9e par l\u2019agence de d\u00e9veloppement web.<\/p><p>La pr\u00e9sente d\u00e9claration a \u00e9t\u00e9 pr\u00e9par\u00e9e le 26 janvier 2026.<\/p><p><strong>Observations et coordonn\u00e9es de contact<\/strong><\/p><p>Vous pouvez effectuer des communications concernant les exigences d\u2019accessibilit\u00e9 (article 10.2.a du RD 1112\/2018), par exemple :<\/p><ul><li>Signaler toute \u00e9ventuelle non-conformit\u00e9 de ce site web<\/li><li>Signaler d\u2019autres difficult\u00e9s d\u2019acc\u00e8s au contenu<\/li><li>Formuler toute autre question ou suggestion d\u2019am\u00e9lioration relative \u00e0 l\u2019accessibilit\u00e9 du site web<\/li><\/ul><p>Via notre page de <a href=\"http:\/\/protospain.com\/contacto\" target=\"_blank\" rel=\"noopener\">contact<\/a><\/p><p>Vous pouvez pr\u00e9senter :<\/p><ul><li>Une r\u00e9clamation relative au respect des exigences du RD 1112\/2018 <\/li><\/ul><p>Dans la demande d\u2019information accessible, les faits, les motifs et la demande doivent \u00eatre pr\u00e9cis\u00e9s avec toute la clart\u00e9 n\u00e9cessaire afin de permettre de constater qu\u2019il s\u2019agit d\u2019une demande raisonnable et l\u00e9gitime.<\/p><p>Via l\u2019instance g\u00e9n\u00e9rique du si\u00e8ge \u00e9lectronique du Minist\u00e8re des Affaires \u00e9conomiques et de la Transformation num\u00e9rique, ainsi que par les autres moyens pr\u00e9vus par la Loi 39\/2015 du 1er octobre relative \u00e0 la proc\u00e9dure administrative commune des administrations publiques.<\/p><p>Les communications, r\u00e9clamations et demandes d\u2019information accessible seront re\u00e7ues et trait\u00e9es par le Secr\u00e9tariat g\u00e9n\u00e9ral de l\u2019Administration num\u00e9rique.<\/p><h2>Proc\u00e9dure d\u2019application<\/h2><div> <\/div><p>Si, apr\u00e8s avoir pr\u00e9sent\u00e9 une demande d\u2019information accessible ou une r\u00e9clamation, celle-ci a \u00e9t\u00e9 rejet\u00e9e, si la d\u00e9cision adopt\u00e9e n\u2019est pas accept\u00e9e, ou si la r\u00e9ponse ne respecte pas les exigences pr\u00e9vues \u00e0 l\u2019article 12.5, la personne concern\u00e9e pourra engager une r\u00e9clamation. Une r\u00e9clamation pourra \u00e9galement \u00eatre engag\u00e9e si le d\u00e9lai de vingt jours ouvrables s\u2019est \u00e9coul\u00e9 sans avoir re\u00e7u de r\u00e9ponse. <\/p><p><strong>La r\u00e9clamation peut \u00eatre d\u00e9pos\u00e9e par l\u2019interm\u00e9diaire de :<\/strong><\/p><p><a role=\"link\" href=\"https:\/\/serviciosede.mineco.gob.es\/FB\/Home.aspx?control=161_IG\" target=\"_blank\" rel=\"nofollow noopener\">L\u2019instance g\u00e9n\u00e9rique du si\u00e8ge \u00e9lectronique du Minist\u00e8re des Affaires \u00e9conomiques et de la Transformation num\u00e9rique<\/a>, ainsi que par les autres moyens pr\u00e9vus par la Loi 39\/2015 du 1er octobre relative \u00e0 la proc\u00e9dure administrative commune des administrations publiques.<\/p><p>Les r\u00e9clamations seront re\u00e7ues et trait\u00e9es par la Sous-direction g\u00e9n\u00e9rale de l\u2019Inspection des services du Minist\u00e8re des Affaires \u00e9conomiques et de la Transformation num\u00e9rique.<\/p><h2>Contenu facultatif<\/h2><div> <\/div><p>Ce site web applique les exigences d\u2019accessibilit\u00e9 de niveau AA de la norme EN 301 549:2022.<\/p><p>La pr\u00e9sente d\u00e9claration a \u00e9t\u00e9 pr\u00e9par\u00e9e le 26 janvier 2026.<\/p><p>Le site web est optimis\u00e9 pour les navigateurs Microsoft Internet Explorer 8.0 ou versions ult\u00e9rieures, ainsi que pour les derni\u00e8res versions en vigueur de Firefox, Safari, Opera et Google Chrome. La r\u00e9solution minimale recommand\u00e9e est de 1280 \u00d7 1024. <\/p><p>Le site web est con\u00e7u pour un affichage responsive, ce qui permet une visualisation optimale sur les tablettes et les appareils mobiles. Sur ces dispositifs, il est optimis\u00e9 pour les derni\u00e8res versions en vigueur de Chrome pour mobile, Firefox pour mobile, Safari mobile, Opera Mini et le navigateur natif d\u2019Android. <\/p>\t\t\t\t\t\t\t\t<\/div>\n\t\t\t\t\t<\/div>\n\t\t\t\t<\/div>\n\t\t\t\t<\/div>\n\t\t","protected":false},"excerpt":{"rendered":"<p>Titulaire : PRODICEX SOLUTIONS, S.L. Adresse : Parc technologique des Asturies, B\u00e2timent CEEI, 33428 Llanera, Asturies, Espagne Contact : info@protofrance.com ou +33 7 55 53 87 70 Donn\u00e9es d\u2019enregistrement : Inscrite au Registre du Commerce des Asturies, Tome 4.000, Folio 203, Feuille AS-44532, Inscription 1 N\u00b0 de TVA (C.I.F.) : B74335845 D\u00c9CLARATION D\u2019ACCESSIBILIT\u00c9 PRODICEX SOLUTIONS, [&hellip;]<\/p>\n","protected":false},"author":1,"featured_media":0,"parent":0,"menu_order":0,"comment_status":"closed","ping_status":"open","template":"","meta":{"_acf_changed":false,"footnotes":""},"class_list":["post-5230","page","type-page","status-publish","hentry"],"acf":[],"_links":{"self":[{"href":"https:\/\/protofrance.com\/catalogo\/wp-json\/wp\/v2\/pages\/5230","targetHints":{"allow":["GET"]}}],"collection":[{"href":"https:\/\/protofrance.com\/catalogo\/wp-json\/wp\/v2\/pages"}],"about":[{"href":"https:\/\/protofrance.com\/catalogo\/wp-json\/wp\/v2\/types\/page"}],"author":[{"embeddable":true,"href":"https:\/\/protofrance.com\/catalogo\/wp-json\/wp\/v2\/users\/1"}],"replies":[{"embeddable":true,"href":"https:\/\/protofrance.com\/catalogo\/wp-json\/wp\/v2\/comments?post=5230"}],"version-history":[{"count":3,"href":"https:\/\/protofrance.com\/catalogo\/wp-json\/wp\/v2\/pages\/5230\/revisions"}],"predecessor-version":[{"id":5244,"href":"https:\/\/protofrance.com\/catalogo\/wp-json\/wp\/v2\/pages\/5230\/revisions\/5244"}],"wp:attachment":[{"href":"https:\/\/protofrance.com\/catalogo\/wp-json\/wp\/v2\/media?parent=5230"}],"curies":[{"name":"wp","href":"https:\/\/api.w.org\/{rel}","templated":true}]}}